

{"id":557,"date":"2024-12-18T13:20:59","date_gmt":"2024-12-18T13:20:59","guid":{"rendered":"https:\/\/teuschler.rkp-marketing.at\/?post_type=replace_content&#038;p=557"},"modified":"2025-05-07T09:25:07","modified_gmt":"2025-05-07T09:25:07","slug":"saegewerk-single-holzart-2","status":"publish","type":"replace_content","link":"https:\/\/teuschler-holz.at\/it\/replace_content\/saegewerk-single-holzart-2\/","title":{"rendered":"Commercio di legname"},"content":{"rendered":"<div class=\"wp-bootstrap-blocks-container container mb-2\">\n\t\n<div class=\"wp-bootstrap-blocks-row row align-items-center\">\n\t\n\n<div class=\"col-12 col-md-5 offset-md-1  order-2\">\n\t\t\t\n\n<h2 class=\"wp-block-heading mt-2 mt-md-0\">Commercio di legname<\/h2>\n\n\n\n<p>Il commercio di legname \u00e8 un elemento centrale della nostra azienda. Grazie a una selezione completa di tipi di legname di alta qualit\u00e0 e a una logistica senza soluzione di continuit\u00e0, soddisfiamo le esigenze dei nostri clienti in modo affidabile ed efficiente. Grazie alla stretta collaborazione con i fornitori e a una catena di approvvigionamento trasparente, garantiamo una qualit\u00e0 costante e un approvvigionamento responsabile delle materie prime.<\/p>\n\n\n<a href=\"\/it\/holzeinkauf-export\/\" id=\"\" class=\"btn btn-primary rkp-btn\" >Per saperne di pi\u00f9<span><\/span><\/a>\n\n\t<\/div>\n\n\n\n<div class=\"col-12 col-md-6 order-1\">\n\t\t\t\n\n<figure class=\"wp-block-image size-full rot-img-absolute\"><img loading=\"lazy\" decoding=\"async\" width=\"1500\" height=\"1000\" src=\"https:\/\/teuschler-holz.at\/wp-content\/uploads\/2024\/12\/teuschler-163-web.webp\" alt=\"\" class=\"wp-image-816\" srcset=\"https:\/\/teuschler-holz.at\/wp-content\/uploads\/2024\/12\/teuschler-163-web.webp 1500w, https:\/\/teuschler-holz.at\/wp-content\/uploads\/2024\/12\/teuschler-163-web-300x200.webp 300w, https:\/\/teuschler-holz.at\/wp-content\/uploads\/2024\/12\/teuschler-163-web-1024x683.webp 1024w, https:\/\/teuschler-holz.at\/wp-content\/uploads\/2024\/12\/teuschler-163-web-768x512.webp 768w, https:\/\/teuschler-holz.at\/wp-content\/uploads\/2024\/12\/teuschler-163-web-18x12.webp 18w, https:\/\/teuschler-holz.at\/wp-content\/uploads\/2024\/12\/teuschler-163-web-800x533.webp 800w, https:\/\/teuschler-holz.at\/wp-content\/uploads\/2024\/12\/teuschler-163-web-1280x853.webp 1280w\" sizes=\"auto, (max-width: 1500px) 100vw, 1500px\" \/><\/figure>\n\n\t<\/div>\n\n<\/div>\n\n<\/div>","protected":false},"featured_media":0,"template":"","content_type":[3],"class_list":["post-557","replace_content","type-replace_content","status-publish","hentry","content_type-no_specific_type"],"acf":[],"_links":{"self":[{"href":"https:\/\/teuschler-holz.at\/it\/wp-json\/wp\/v2\/replace_content\/557","targetHints":{"allow":["GET"]}}],"collection":[{"href":"https:\/\/teuschler-holz.at\/it\/wp-json\/wp\/v2\/replace_content"}],"about":[{"href":"https:\/\/teuschler-holz.at\/it\/wp-json\/wp\/v2\/types\/replace_content"}],"wp:attachment":[{"href":"https:\/\/teuschler-holz.at\/it\/wp-json\/wp\/v2\/media?parent=557"}],"wp:term":[{"taxonomy":"content_type","embeddable":true,"href":"https:\/\/teuschler-holz.at\/it\/wp-json\/wp\/v2\/content_type?post=557"}],"curies":[{"name":"wp","href":"https:\/\/api.w.org\/{rel}","templated":true}]}}